{"id":8458,"date":"2026-03-27T09:58:52","date_gmt":"2026-03-27T09:58:52","guid":{"rendered":"https:\/\/tacs.it\/prodotto\/audrey\/"},"modified":"2026-09-04T23:08:34","modified_gmt":"2026-09-04T23:08:34","slug":"audrey","status":"publish","type":"product","link":"https:\/\/tacs.it\/de\/audrey\/","title":{"rendered":"AUDREY"},"content":{"rendered":"[vc_row type=&#8220;in_container&#8220; full_screen_row_position=&#8220;middle&#8220; column_margin=&#8220;default&#8220; column_direction=&#8220;default&#8220; column_direction_tablet=&#8220;default&#8220; column_direction_phone=&#8220;default&#8220; scene_position=&#8220;center&#8220; text_color=&#8220;dark&#8220; text_align=&#8220;left&#8220; row_border_radius=&#8220;none&#8220; row_border_radius_applies=&#8220;bg&#8220; row_position_desktop=&#8220;default&#8220; row_position_tablet=&#8220;inherit&#8220; row_position_phone=&#8220;inherit&#8220; overflow=&#8220;visible&#8220; overlay_strength=&#8220;0.3&#8243; gradient_direction=&#8220;left_to_right&#8220; shape_divider_position=&#8220;bottom&#8220; bg_image_animation=&#8220;none&#8220;][vc_column column_padding=&#8220;no-extra-padding&#8220; column_padding_tablet=&#8220;inherit&#8220; column_padding_phone=&#8220;inherit&#8220; column_padding_position=&#8220;all&#8220; flex_gap_desktop=&#8220;10px&#8220; column_element_direction_desktop=&#8220;default&#8220; column_element_spacing=&#8220;default&#8220; desktop_text_alignment=&#8220;default&#8220; tablet_text_alignment=&#8220;default&#8220; phone_text_alignment=&#8220;default&#8220; background_color_opacity=&#8220;1&#8243; background_hover_color_opacity=&#8220;1&#8243; column_backdrop_filter=&#8220;none&#8220; column_shadow=&#8220;none&#8220; column_border_radius=&#8220;none&#8220; column_link_target=&#8220;_self&#8220; column_position=&#8220;default&#8220; gradient_direction=&#8220;left_to_right&#8220; overlay_strength=&#8220;0.3&#8243; width=&#8220;1\/1&#8243; tablet_width_inherit=&#8220;default&#8220; animation_type=&#8220;default&#8220; bg_image_animation=&#8220;none&#8220; border_type=&#8220;simple&#8220; column_border_width=&#8220;none&#8220; column_border_style=&#8220;solid&#8220;][nectar_global_section id=&#8220;14148&#8243;][\/vc_column][\/vc_row]\n","protected":false},"excerpt":{"rendered":"<h2 style=\"font-family: &apos;Libre Baskerville&apos;, serif;font-weight: 400;font-style: normal;font-size: 22px;line-height: 34px\">Casentino-Mantel im Stil von Audrey Hepburn<\/h2>\n<p>Kn\u00f6pfe mit Casentino-Stoff (100 % Wolle) bezogen und Zweireiher-Schnitt mit klaren Linien.<\/p>\n<p>Eine Ikone, die mit Ausgewogenheit und Charakter neu interpretiert wurde und eine nat\u00fcrliche, zeitlose Eleganz ausstrahlt. Die Proportionen begleiten die Bewegung mit Leichtigkeit und bewahren dabei eine starke Identit\u00e4t. Ein Kleidungsst\u00fcck, das Stil verk\u00f6rpert, ohne dabei \u00fcbertrieben zu wirken.  <\/p>\n<p><em>Unsere Neuinterpretation des Kleidungsst\u00fccks, das Audrey Hepburn im Film \u201eFr\u00fchst\u00fcck bei Tiffany\u201c trug.<\/em><\/p>\n<p>[vc_row type=&#8220;in_container&#8220; full_screen_row_position=&#8220;middle&#8220; column_margin=&#8220;default&#8220; column_direction=&#8220;default&#8220; column_direction_tablet=&#8220;default&#8220; column_direction_phone=&#8220;default&#8220; scene_position=&#8220;center&#8220; text_color=&#8220;dark&#8220; text_align=&#8220;left&#8220; row_border_radius=&#8220;none&#8220; row_border_radius_applies=&#8220;bg&#8220; row_position_desktop=&#8220;default&#8220; row_position_tablet=&#8220;inherit&#8220; row_position_phone=&#8220;inherit&#8220; overflow=&#8220;visible&#8220; overlay_strength=&#8220;0.3&#8243; gradient_direction=&#8220;left_to_right&#8220; shape_divider_position=&#8220;bottom&#8220; bg_image_animation=&#8220;none&#8220;][vc_column column_padding=&#8220;no-extra-padding&#8220; column_padding_tablet=&#8220;inherit&#8220; column_padding_phone=&#8220;inherit&#8220; column_padding_position=&#8220;all&#8220; flex_gap_desktop=&#8220;10px&#8220; column_element_direction_desktop=&#8220;default&#8220; column_element_spacing=&#8220;default&#8220; desktop_text_alignment=&#8220;default&#8220; tablet_text_alignment=&#8220;default&#8220; phone_text_alignment=&#8220;default&#8220; background_color_opacity=&#8220;1&#8243; background_hover_color_opacity=&#8220;1&#8243; column_backdrop_filter=&#8220;none&#8220; column_shadow=&#8220;none&#8220; column_border_radius=&#8220;none&#8220; column_link_target=&#8220;_self&#8220; column_position=&#8220;default&#8220; gradient_direction=&#8220;left_to_right&#8220; overlay_strength=&#8220;0.3&#8243; width=&#8220;1\/1&#8243; tablet_width_inherit=&#8220;default&#8220; animation_type=&#8220;default&#8220; bg_image_animation=&#8220;none&#8220; border_type=&#8220;simple&#8220; column_border_width=&#8220;none&#8220; column_border_style=&#8220;solid&#8220;][text-with-icon icon_type=\"font_icon\" icon=\"icon-certificate\" color=\"Extra-Color-1\"]<strong>Zertifizierte Authentizit\u00e4t<\/strong><br \/>\nJedes TACS-Kleidungsst\u00fcck wird im Casentino hergestellt und garantiert, dass die Produktion den historischen und qualitativen Standards des echten &#8222;Made in Italy&#8220; entspricht.[\/text-with-icon][toggles style=&#8220;minimal&#8220; accordion=&#8220;true&#8220; accordion_starting_functionality=&#8220;closed&#8220;][toggle color=&#8220;Accent-Color&#8220; heading_tag=&#8220;h4&#8243; heading_tag_functionality=&#8220;default&#8220; title=&#8220;Das Panno Casentino&#8220;][vc_column_text css=&#8220;&#8220; text_direction=&#8220;default&#8220;]Der im Herzen des Casentino nach traditionellen Verfahren hergestellte Panno Casentino ist warm, strapazierf\u00e4hig, strukturiert und f\u00fchlt sich einzigartig an.<br \/>\nDie Locken und die Struktur des Stoffes dienen nicht nur \u00e4sthetischen Zwecken: Sie sch\u00fctzen vor K\u00e4lte, sorgen f\u00fcr eine nat\u00fcrliche W\u00e4rmeregulierung und garantieren einen Tragekomfort, der sich mit der Zeit noch verbessert.<\/p>\n<p>Jedes Kleidungsst\u00fcck erz\u00e4hlt eine Geschichte von Sorgfalt, handwerklichem Know-how und der Authentizit\u00e4t &#8222;Made in Italy&#8220;.[\/vc_column_text][\/toggle][toggle color=&#8220;Accent-Color&#8220; heading_tag=&#8220;h4&#8243; heading_tag_functionality=&#8220;default&#8220; title=&#8220;Technische Daten&#8220;][vc_column_text css=&#8220;&#8220; text_direction=&#8220;default&#8220;]<\/p>\n<ul>\n<li>Material: 100 % Wolle<\/li>\n<li>Stoff: Casentino-Tuch<\/li>\n<li>Passform: Slim<\/li>\n<li>L\u00e4nge: \u00dcber dem Knie<\/li>\n<li>Verschluss: Kn\u00f6pfe aus Casentino-Stoff<\/li>\n<li>Kapuze: &#8211;<\/li>\n<li>Verf\u00fcgbare Farben: Klassisches Flaggengr\u00fcn, Klassisches Orange, Wei\u00df, China \u2013 Royal<\/li>\n<\/ul>\n<p>[\/vc_column_text][\/toggle][toggle color=&#8220;Accent-Color&#8220; heading_tag=&#8220;h4&#8243; heading_tag_functionality=&#8220;default&#8220; title=&#8220;Verf\u00fcgbarkeit und Zeitrahmen&#8220;][vc_column_text css=&#8220;&#8220; text_direction=&#8220;default&#8220;]Nicht alle Gr\u00f6\u00dfen sind ab Lager lieferbar.<br \/>\nDie maximale Produktionszeit betr\u00e4gt weniger als 30 Tage.<br \/>\nNach Eingang Ihrer Bestellung werden wir uns mit Ihnen in Verbindung setzen, um Ihnen die genauen Liefertermine mitzuteilen.[\/vc_column_text][\/toggle][toggle color=&#8220;Accent-Color&#8220; heading_tag=&#8220;h4&#8243; heading_tag_functionality=&#8220;default&#8220; title=&#8220;Pflege und Reinigung&#8220;][vc_column_text css=&#8220;&#8220; text_direction=&#8220;default&#8220;]<\/p>\n<ul>\n<li>Bitte nicht mit Wasser waschen<\/li>\n<li>Nicht bleichen<\/li>\n<li>Nicht im W\u00e4schetrockner trocknen<\/li>\n<li>Bitte nicht b\u00fcgeln<\/li>\n<li>Professionelle chemische Reinigung zul\u00e4ssig<\/li>\n<\/ul>\n<p>[\/vc_column_text][\/toggle][\/toggles][\/vc_column][\/vc_row]<\/p>\n","protected":false},"featured_media":8463,"comment_status":"closed","ping_status":"closed","template":"","meta":[],"product_brand":[],"product_cat":[176],"product_tag":[149],"class_list":["post-8458","product","type-product","status-publish","has-post-thumbnail","product_cat-damenmantel-aus-casentino-stoff","product_tag-casentino-stoff-fur-damen","first","onbackorder","shipping-taxable","purchasable","product-type-variable"],"yoast_head":"<!-- This site is optimized with the Yoast SEO plugin v28.3 - https:\/\/yoast.com\/product\/yoast-seo-wordpress\/ -->\n<title>Casentino-Mantel \u201eAudrey Hepburn\u201c | Audrey | TACS<\/title>\n<meta name=\"description\" content=\"Ein von Audrey Hepburn inspirierter Mantel aus Casentino-Stoff. Feminine Silhouette mit Tailleng\u00fcrtel und zeitlosem, elegantem Stil. Entdecken Sie Audrey TACS.\" \/>\n<meta name=\"robots\" content=\"index, follow, max-snippet:-1, max-image-preview:large, max-video-preview:-1\" \/>\n<link rel=\"canonical\" href=\"https:\/\/tacs.it\/de\/audrey\/\" \/>\n<meta property=\"og:locale\" content=\"de_DE\" \/>\n<meta property=\"og:type\" content=\"article\" \/>\n<meta property=\"og:title\" content=\"Casentino-Mantel \u201eAudrey Hepburn\u201c | Audrey | TACS\" \/>\n<meta property=\"og:description\" content=\"Ein von Audrey Hepburn inspirierter Mantel aus Casentino-Stoff. Feminine Silhouette mit Tailleng\u00fcrtel und zeitlosem, elegantem Stil. Entdecken Sie Audrey TACS.\" \/>\n<meta property=\"og:url\" content=\"https:\/\/tacs.it\/de\/audrey\/\" \/>\n<meta property=\"og:site_name\" content=\"Premiata Tessitura TACS\" \/>\n<meta property=\"article:modified_time\" content=\"2026-09-04T23:08:34+00:00\" \/>\n<meta property=\"og:image\" content=\"https:\/\/tacs.it\/wp-content\/uploads\/2026\/03\/AUDREY-PANNO-CASENTINO.jpg\" \/>\n\t<meta property=\"og:image:width\" content=\"800\" \/>\n\t<meta property=\"og:image:height\" content=\"1000\" \/>\n\t<meta property=\"og:image:type\" content=\"image\/jpeg\" \/>\n<meta name=\"twitter:card\" content=\"summary_large_image\" \/>\n<meta name=\"twitter:label1\" content=\"Gesch\u00e4tzte Lesezeit\" \/>\n\t<meta name=\"twitter:data1\" content=\"1\u00a0Minute\" \/>\n<script type=\"application\/ld+json\" class=\"yoast-schema-graph\">{\"@context\":\"https:\\\/\\\/schema.org\",\"@graph\":[{\"@type\":\"WebPage\",\"@id\":\"https:\\\/\\\/tacs.it\\\/de\\\/audrey\\\/\",\"url\":\"https:\\\/\\\/tacs.it\\\/de\\\/audrey\\\/\",\"name\":\"Casentino-Mantel \u201eAudrey Hepburn\u201c | Audrey | TACS\",\"isPartOf\":{\"@id\":\"https:\\\/\\\/tacs.it\\\/de\\\/#website\"},\"primaryImageOfPage\":{\"@id\":\"https:\\\/\\\/tacs.it\\\/de\\\/audrey\\\/#primaryimage\"},\"image\":{\"@id\":\"https:\\\/\\\/tacs.it\\\/de\\\/audrey\\\/#primaryimage\"},\"thumbnailUrl\":\"https:\\\/\\\/tacs.it\\\/wp-content\\\/uploads\\\/2026\\\/03\\\/AUDREY-PANNO-CASENTINO.jpg\",\"datePublished\":\"2026-03-27T09:58:52+00:00\",\"dateModified\":\"2026-09-04T23:08:34+00:00\",\"description\":\"Ein von Audrey Hepburn inspirierter Mantel aus Casentino-Stoff. Feminine Silhouette mit Tailleng\u00fcrtel und zeitlosem, elegantem Stil. Entdecken Sie Audrey TACS.\",\"breadcrumb\":{\"@id\":\"https:\\\/\\\/tacs.it\\\/de\\\/audrey\\\/#breadcrumb\"},\"inLanguage\":\"de\",\"potentialAction\":[{\"@type\":\"ReadAction\",\"target\":[\"https:\\\/\\\/tacs.it\\\/de\\\/audrey\\\/\"]}]},{\"@type\":\"ImageObject\",\"inLanguage\":\"de\",\"@id\":\"https:\\\/\\\/tacs.it\\\/de\\\/audrey\\\/#primaryimage\",\"url\":\"https:\\\/\\\/tacs.it\\\/wp-content\\\/uploads\\\/2026\\\/03\\\/AUDREY-PANNO-CASENTINO.jpg\",\"contentUrl\":\"https:\\\/\\\/tacs.it\\\/wp-content\\\/uploads\\\/2026\\\/03\\\/AUDREY-PANNO-CASENTINO.jpg\",\"width\":800,\"height\":1000},{\"@type\":\"BreadcrumbList\",\"@id\":\"https:\\\/\\\/tacs.it\\\/de\\\/audrey\\\/#breadcrumb\",\"itemListElement\":[{\"@type\":\"ListItem\",\"position\":1,\"name\":\"Startseite\",\"item\":\"https:\\\/\\\/tacs.it\\\/de\\\/\"},{\"@type\":\"ListItem\",\"position\":2,\"name\":\"Shop\",\"item\":\"https:\\\/\\\/tacs.it\\\/de\\\/shop\\\/\"},{\"@type\":\"ListItem\",\"position\":3,\"name\":\"Damen-Oberbekleidung\",\"item\":\"https:\\\/\\\/tacs.it\\\/de\\\/kategorie\\\/damen\\\/\"},{\"@type\":\"ListItem\",\"position\":4,\"name\":\"Damenm\u00e4ntel\",\"item\":\"https:\\\/\\\/tacs.it\\\/de\\\/kategorie\\\/damenmantel\\\/\"},{\"@type\":\"ListItem\",\"position\":5,\"name\":\"Damenm\u00e4ntel aus Casentino-Stoff\",\"item\":\"https:\\\/\\\/tacs.it\\\/de\\\/kategorie\\\/damenmantel-aus-casentino-stoff\\\/\"},{\"@type\":\"ListItem\",\"position\":6,\"name\":\"Audrey, ein Mantel im Casentino-Stil \u00e0 la Audrey Hepburn mit G\u00fcrtel in der Taille\"}]},{\"@type\":\"WebSite\",\"@id\":\"https:\\\/\\\/tacs.it\\\/de\\\/#website\",\"url\":\"https:\\\/\\\/tacs.it\\\/de\\\/\",\"name\":\"Premiata Tessitura TACS\",\"description\":\"Artigiani del Panno Casentino\",\"potentialAction\":[{\"@type\":\"SearchAction\",\"target\":{\"@type\":\"EntryPoint\",\"urlTemplate\":\"https:\\\/\\\/tacs.it\\\/de\\\/?s={search_term_string}\"},\"query-input\":{\"@type\":\"PropertyValueSpecification\",\"valueRequired\":true,\"valueName\":\"search_term_string\"}}],\"inLanguage\":\"de\"}]}<\/script>\n<!-- \/ Yoast SEO plugin. -->","yoast_head_json":{"title":"Casentino-Mantel \u201eAudrey Hepburn\u201c | Audrey | TACS","description":"Ein von Audrey Hepburn inspirierter Mantel aus Casentino-Stoff. Feminine Silhouette mit Tailleng\u00fcrtel und zeitlosem, elegantem Stil. Entdecken Sie Audrey TACS.","robots":{"index":"index","follow":"follow","max-snippet":"max-snippet:-1","max-image-preview":"max-image-preview:large","max-video-preview":"max-video-preview:-1"},"canonical":"https:\/\/tacs.it\/de\/audrey\/","og_locale":"de_DE","og_type":"article","og_title":"Casentino-Mantel \u201eAudrey Hepburn\u201c | Audrey | TACS","og_description":"Ein von Audrey Hepburn inspirierter Mantel aus Casentino-Stoff. Feminine Silhouette mit Tailleng\u00fcrtel und zeitlosem, elegantem Stil. Entdecken Sie Audrey TACS.","og_url":"https:\/\/tacs.it\/de\/audrey\/","og_site_name":"Premiata Tessitura TACS","article_modified_time":"2026-09-04T23:08:34+00:00","og_image":[{"width":800,"height":1000,"url":"https:\/\/tacs.it\/wp-content\/uploads\/2026\/03\/AUDREY-PANNO-CASENTINO.jpg","type":"image\/jpeg"}],"twitter_card":"summary_large_image","twitter_misc":{"Gesch\u00e4tzte Lesezeit":"1\u00a0Minute"},"schema":{"@context":"https:\/\/schema.org","@graph":[{"@type":"WebPage","@id":"https:\/\/tacs.it\/de\/audrey\/","url":"https:\/\/tacs.it\/de\/audrey\/","name":"Casentino-Mantel \u201eAudrey Hepburn\u201c | Audrey | TACS","isPartOf":{"@id":"https:\/\/tacs.it\/de\/#website"},"primaryImageOfPage":{"@id":"https:\/\/tacs.it\/de\/audrey\/#primaryimage"},"image":{"@id":"https:\/\/tacs.it\/de\/audrey\/#primaryimage"},"thumbnailUrl":"https:\/\/tacs.it\/wp-content\/uploads\/2026\/03\/AUDREY-PANNO-CASENTINO.jpg","datePublished":"2026-03-27T09:58:52+00:00","dateModified":"2026-09-04T23:08:34+00:00","description":"Ein von Audrey Hepburn inspirierter Mantel aus Casentino-Stoff. Feminine Silhouette mit Tailleng\u00fcrtel und zeitlosem, elegantem Stil. Entdecken Sie Audrey TACS.","breadcrumb":{"@id":"https:\/\/tacs.it\/de\/audrey\/#breadcrumb"},"inLanguage":"de","potentialAction":[{"@type":"ReadAction","target":["https:\/\/tacs.it\/de\/audrey\/"]}]},{"@type":"ImageObject","inLanguage":"de","@id":"https:\/\/tacs.it\/de\/audrey\/#primaryimage","url":"https:\/\/tacs.it\/wp-content\/uploads\/2026\/03\/AUDREY-PANNO-CASENTINO.jpg","contentUrl":"https:\/\/tacs.it\/wp-content\/uploads\/2026\/03\/AUDREY-PANNO-CASENTINO.jpg","width":800,"height":1000},{"@type":"BreadcrumbList","@id":"https:\/\/tacs.it\/de\/audrey\/#breadcrumb","itemListElement":[{"@type":"ListItem","position":1,"name":"Startseite","item":"https:\/\/tacs.it\/de\/"},{"@type":"ListItem","position":2,"name":"Shop","item":"https:\/\/tacs.it\/de\/shop\/"},{"@type":"ListItem","position":3,"name":"Damen-Oberbekleidung","item":"https:\/\/tacs.it\/de\/kategorie\/damen\/"},{"@type":"ListItem","position":4,"name":"Damenm\u00e4ntel","item":"https:\/\/tacs.it\/de\/kategorie\/damenmantel\/"},{"@type":"ListItem","position":5,"name":"Damenm\u00e4ntel aus Casentino-Stoff","item":"https:\/\/tacs.it\/de\/kategorie\/damenmantel-aus-casentino-stoff\/"},{"@type":"ListItem","position":6,"name":"Audrey, ein Mantel im Casentino-Stil \u00e0 la Audrey Hepburn mit G\u00fcrtel in der Taille"}]},{"@type":"WebSite","@id":"https:\/\/tacs.it\/de\/#website","url":"https:\/\/tacs.it\/de\/","name":"Premiata Tessitura TACS","description":"Artigiani del Panno Casentino","potentialAction":[{"@type":"SearchAction","target":{"@type":"EntryPoint","urlTemplate":"https:\/\/tacs.it\/de\/?s={search_term_string}"},"query-input":{"@type":"PropertyValueSpecification","valueRequired":true,"valueName":"search_term_string"}}],"inLanguage":"de"}]}},"_links":{"self":[{"href":"https:\/\/tacs.it\/de\/wp-json\/wp\/v2\/product\/8458","targetHints":{"allow":["GET"]}}],"collection":[{"href":"https:\/\/tacs.it\/de\/wp-json\/wp\/v2\/product"}],"about":[{"href":"https:\/\/tacs.it\/de\/wp-json\/wp\/v2\/types\/product"}],"replies":[{"embeddable":true,"href":"https:\/\/tacs.it\/de\/wp-json\/wp\/v2\/comments?post=8458"}],"wp:featuredmedia":[{"embeddable":true,"href":"https:\/\/tacs.it\/de\/wp-json\/wp\/v2\/media\/8463"}],"wp:attachment":[{"href":"https:\/\/tacs.it\/de\/wp-json\/wp\/v2\/media?parent=8458"}],"wp:term":[{"taxonomy":"product_brand","embeddable":true,"href":"https:\/\/tacs.it\/de\/wp-json\/wp\/v2\/product_brand?post=8458"},{"taxonomy":"product_cat","embeddable":true,"href":"https:\/\/tacs.it\/de\/wp-json\/wp\/v2\/product_cat?post=8458"},{"taxonomy":"product_tag","embeddable":true,"href":"https:\/\/tacs.it\/de\/wp-json\/wp\/v2\/product_tag?post=8458"}],"curies":[{"name":"wp","href":"https:\/\/api.w.org\/{rel}","templated":true}]}}