{"id":11992,"date":"2026-03-13T16:21:18","date_gmt":"2026-03-13T16:21:18","guid":{"rendered":"https:\/\/tacs.it\/prodotto\/felicia-en-tweed\/"},"modified":"2026-09-04T23:05:39","modified_gmt":"2026-09-04T23:05:39","slug":"felicia-en-tweed","status":"publish","type":"product","link":"https:\/\/tacs.it\/fr\/felicia-en-tweed\/","title":{"rendered":"FELICIA Tweed"},"content":{"rendered":"[vc_row type=\u00a0\u00bbin_container\u00a0\u00bb full_screen_row_position=\u00a0\u00bbmiddle\u00a0\u00bb column_margin=\u00a0\u00bbdefault\u00a0\u00bb column_direction=\u00a0\u00bbdefault\u00a0\u00bb column_direction_tablet=\u00a0\u00bbdefault\u00a0\u00bb column_direction_phone=\u00a0\u00bbdefault\u00a0\u00bb scene_position=\u00a0\u00bbcenter\u00a0\u00bb text_color=\u00a0\u00bbdark\u00a0\u00bb text_align=\u00a0\u00bbleft\u00a0\u00bb row_border_radius=\u00a0\u00bbnone\u00a0\u00bb row_border_radius_applies=\u00a0\u00bbbg\u00a0\u00bb row_position_desktop=\u00a0\u00bbdefault\u00a0\u00bb row_position_tablet=\u00a0\u00bbinherit\u00a0\u00bb row_position_phone=\u00a0\u00bbinherit\u00a0\u00bb overflow=\u00a0\u00bbvisible\u00a0\u00bb overlay_strength=\u00a0\u00bb0.3&Prime; gradient_direction=\u00a0\u00bbleft_to_right\u00a0\u00bb shape_divider_position=\u00a0\u00bbbottom\u00a0\u00bb bg_image_animation=\u00a0\u00bbnone\u00a0\u00bb][vc_column column_padding=\u00a0\u00bbno-extra-padding\u00a0\u00bb column_padding_tablet=\u00a0\u00bbinherit\u00a0\u00bb column_padding_phone=\u00a0\u00bbinherit\u00a0\u00bb column_padding_position=\u00a0\u00bball\u00a0\u00bb flex_gap_desktop=\u00a0\u00bb10px\u00a0\u00bb column_element_direction_desktop=\u00a0\u00bbdefault\u00a0\u00bb column_element_spacing=\u00a0\u00bbdefault\u00a0\u00bb desktop_text_alignment=\u00a0\u00bbdefault\u00a0\u00bb tablet_text_alignment=\u00a0\u00bbdefault\u00a0\u00bb phone_text_alignment=\u00a0\u00bbdefault\u00a0\u00bb background_color_opacity=\u00a0\u00bb1&Prime; background_hover_color_opacity=\u00a0\u00bb1&Prime; column_backdrop_filter=\u00a0\u00bbnone\u00a0\u00bb column_shadow=\u00a0\u00bbnone\u00a0\u00bb column_border_radius=\u00a0\u00bbnone\u00a0\u00bb column_link_target=\u00a0\u00bb_self\u00a0\u00bb column_position=\u00a0\u00bbdefault\u00a0\u00bb gradient_direction=\u00a0\u00bbleft_to_right\u00a0\u00bb overlay_strength=\u00a0\u00bb0.3&Prime; width=\u00a0\u00bb1\/1&Prime; tablet_width_inherit=\u00a0\u00bbdefault\u00a0\u00bb animation_type=\u00a0\u00bbdefault\u00a0\u00bb bg_image_animation=\u00a0\u00bbnone\u00a0\u00bb border_type=\u00a0\u00bbsimple\u00a0\u00bb column_border_width=\u00a0\u00bbnone\u00a0\u00bb column_border_style=\u00a0\u00bbsolid\u00a0\u00bb][nectar_global_section id=\u00a0\u00bb14154&Prime;][\/vc_column][\/vc_row]\n","protected":false},"excerpt":{"rendered":"<h2 style=\"font-family: 'Libre Baskerville', serif; font-weight: 400; font-style: normal; font-size: 22px; line-height: 34px;\">Manteau pour femme en pure laine vierge<\/h2>\n<p>Coupe oversize tendance, manches mi-raglan.<\/p>\n<p>Un manteau au caract\u00e8re affirm\u00e9 qui r\u00e9interpr\u00e8te le style champ\u00eatre dans une ligne contemporaine. Le tweed en pure laine vierge conf\u00e8re structure et \u00e9l\u00e9gance \u00e0 ce v\u00eatement, ce qui en fait un choix id\u00e9al pour une tenue d\u00e9contract\u00e9e et raffin\u00e9e. Un mod\u00e8le con\u00e7u pour se d\u00e9marquer tout en alliant confort et personnalit\u00e9.  <\/p>\n<p>[vc_row type=\u00a0\u00bbin_container\u00a0\u00bb full_screen_row_position=\u00a0\u00bbmiddle\u00a0\u00bb column_margin=\u00a0\u00bbdefault\u00a0\u00bb column_direction=\u00a0\u00bbdefault\u00a0\u00bb column_direction_tablet=\u00a0\u00bbdefault\u00a0\u00bb column_direction_phone=\u00a0\u00bbdefault\u00a0\u00bb scene_position=\u00a0\u00bbcenter\u00a0\u00bb text_color=\u00a0\u00bbdark\u00a0\u00bb text_align=\u00a0\u00bbleft\u00a0\u00bb row_border_radius=\u00a0\u00bbnone\u00a0\u00bb row_border_radius_applies=\u00a0\u00bbbg\u00a0\u00bb row_position_desktop=\u00a0\u00bbdefault\u00a0\u00bb row_position_tablet=\u00a0\u00bbinherit\u00a0\u00bb row_position_phone=\u00a0\u00bbinherit\u00a0\u00bb overflow=\u00a0\u00bbvisible\u00a0\u00bb overlay_strength=\u00a0\u00bb0.3&Prime; gradient_direction=\u00a0\u00bbleft_to_right\u00a0\u00bb shape_divider_position=\u00a0\u00bbbottom\u00a0\u00bb bg_image_animation=\u00a0\u00bbnone\u00a0\u00bb][vc_column column_padding=\u00a0\u00bbno-extra-padding\u00a0\u00bb column_padding_tablet=\u00a0\u00bbinherit\u00a0\u00bb column_padding_phone=\u00a0\u00bbinherit\u00a0\u00bb column_padding_position=\u00a0\u00bball\u00a0\u00bb flex_gap_desktop=\u00a0\u00bb10px\u00a0\u00bb column_element_direction_desktop=\u00a0\u00bbdefault\u00a0\u00bb column_element_spacing=\u00a0\u00bbdefault\u00a0\u00bb desktop_text_alignment=\u00a0\u00bbdefault\u00a0\u00bb tablet_text_alignment=\u00a0\u00bbdefault\u00a0\u00bb phone_text_alignment=\u00a0\u00bbdefault\u00a0\u00bb background_color_opacity=\u00a0\u00bb1&Prime; background_hover_color_opacity=\u00a0\u00bb1&Prime; column_backdrop_filter=\u00a0\u00bbnone\u00a0\u00bb column_shadow=\u00a0\u00bbnone\u00a0\u00bb column_border_radius=\u00a0\u00bbnone\u00a0\u00bb column_link_target=\u00a0\u00bb_self\u00a0\u00bb column_position=\u00a0\u00bbdefault\u00a0\u00bb gradient_direction=\u00a0\u00bbleft_to_right\u00a0\u00bb overlay_strength=\u00a0\u00bb0.3&Prime; width=\u00a0\u00bb1\/1&Prime; tablet_width_inherit=\u00a0\u00bbdefault\u00a0\u00bb animation_type=\u00a0\u00bbdefault\u00a0\u00bb bg_image_animation=\u00a0\u00bbnone\u00a0\u00bb border_type=\u00a0\u00bbsimple\u00a0\u00bb column_border_width=\u00a0\u00bbnone\u00a0\u00bb column_border_style=\u00a0\u00bbsolid\u00a0\u00bb][toggles style=\u00a0\u00bbminimal\u00a0\u00bb accordion=\u00a0\u00bbtrue\u00a0\u00bb accordion_starting_functionality=\u00a0\u00bbclosed\u00a0\u00bb][toggle color=\u00a0\u00bbAccent-Color\u00a0\u00bb heading_tag=\u00a0\u00bbh4&Prime; heading_tag_functionality=\u00a0\u00bbdefault\u00a0\u00bb title=\u00a0\u00bbLe tweed\u00a0\u00bb][vc_column_text css=\u00a0\u00bb\u00a0\u00bb text_direction=\u00a0\u00bbdefault\u00a0\u00bb]Les v\u00eatements TACS en tweed sont s\u00e9lectionn\u00e9s pour la qualit\u00e9 de leur mati\u00e8re et pour leur capacit\u00e9 \u00e0 mettre en valeur la texture et la profondeur des couleurs, dans le respect d\u2019une vision de la fabrication forg\u00e9e au fil du temps.<br \/>\nChaque tissu s\u2019inscrit dans une culture de production bien d\u00e9finie, r\u00e9interpr\u00e9t\u00e9e pour le pr\u00e9sent gr\u00e2ce \u00e0 un \u00e9quilibre entre tradition et recherche, et propos\u00e9 en vente directe comme expression authentique du \u00ab Made in Italy \u00bb.[\/vc_column_text][\/toggle][toggle color=\u00a0\u00bbAccent-Color\u00a0\u00bb heading_tag=\u00a0\u00bbh4&Prime; heading_tag_functionality=\u00a0\u00bbdefault\u00a0\u00bb title=\u00a0\u00bbCaract\u00e9ristiques techniques\u00a0\u00bb][vc_column_text css=\u00a0\u00bb\u00a0\u00bb text_direction=\u00a0\u00bbdefault\u00a0\u00bb]<\/p>\n<ul>\n<li>Composition : 100 % laine vierge<\/li>\n<li>Tissu : tweed<\/li>\n<li>Coupe : ample<\/li>\n<li>Longueur : &#8211;<\/li>\n<li>Fermeture : Boutons<\/li>\n<li>Capuche : &#8211;<\/li>\n<li>Couleurs disponibles : bleu, gris, marron<\/li>\n<\/ul>\n<p>[\/vc_column_text][\/toggle][toggle color=\u00a0\u00bbAccent-Color\u00a0\u00bb heading_tag=\u00a0\u00bbh4&Prime; heading_tag_functionality=\u00a0\u00bbdefault\u00a0\u00bb title=\u00a0\u00bbDisponibilit\u00e9 et d\u00e9lais\u00a0\u00bb][vc_column_text css=\u00a0\u00bb\u00a0\u00bb text_direction=\u00a0\u00bbdefault\u00a0\u00bb]Toutes les tailles ne sont pas disponibles en stock.<br \/>\nLe d\u00e9lai de fabrication maximal est inf\u00e9rieur \u00e0 30 jours.<br \/>\nD\u00e8s r\u00e9ception de votre commande, nous vous contacterons pour vous communiquer les d\u00e9lais exacts.[\/vc_column_text][\/toggle][toggle color=\u00a0\u00bbAccent-Color\u00a0\u00bb heading_tag=\u00a0\u00bbh4&Prime; heading_tag_functionality=\u00a0\u00bbdefault\u00a0\u00bb title=\u00a0\u00bbEntretien et lavage\u00a0\u00bb][vc_column_text css=\u00a0\u00bb\u00a0\u00bb text_direction=\u00a0\u00bbdefault\u00a0\u00bb]<\/p>\n<ul>\n<li>Ne pas laver \u00e0 l&rsquo;eau<\/li>\n<li>Ne pas utiliser d&rsquo;eau de Javel<\/li>\n<li>Ne pas mettre au s\u00e8che-linge<\/li>\n<li>Ne pas repasser<\/li>\n<li>Nettoyage \u00e0 sec professionnel autoris\u00e9<\/li>\n<\/ul>\n<p>[\/vc_column_text][\/toggle][\/toggles][\/vc_column][\/vc_row]<\/p>\n","protected":false},"featured_media":12005,"comment_status":"open","ping_status":"closed","template":"","meta":[],"product_brand":[],"product_cat":[202],"product_tag":[180],"class_list":["post-11992","product","type-product","status-publish","has-post-thumbnail","product_cat-manteaux-pour-femme-en-tweed","product_tag-tweed-pour-femme","first","onbackorder","shipping-taxable","purchasable","product-type-variable"],"yoast_head":"<!-- This site is optimized with the Yoast SEO plugin v28.3 - https:\/\/yoast.com\/product\/yoast-seo-wordpress\/ -->\n<title>Manteau pour femme en tweed (pure laine vierge) | Felicia | TACS<\/title>\n<meta name=\"description\" content=\"En pure laine vierge, avec une coupe ample et des manches mi-raglan. Le mod\u00e8le Felicia TACS allie style champ\u00eatre et \u00e9l\u00e9gance d\u00e9contract\u00e9e.\" \/>\n<meta name=\"robots\" content=\"index, follow, max-snippet:-1, max-image-preview:large, max-video-preview:-1\" \/>\n<link rel=\"canonical\" href=\"https:\/\/tacs.it\/fr\/felicia-en-tweed\/\" \/>\n<meta property=\"og:locale\" content=\"fr_FR\" \/>\n<meta property=\"og:type\" content=\"article\" \/>\n<meta property=\"og:title\" content=\"Manteau pour femme en tweed (pure laine vierge) | Felicia | TACS\" \/>\n<meta property=\"og:description\" content=\"En pure laine vierge, avec une coupe ample et des manches mi-raglan. Le mod\u00e8le Felicia TACS allie style champ\u00eatre et \u00e9l\u00e9gance d\u00e9contract\u00e9e.\" \/>\n<meta property=\"og:url\" content=\"https:\/\/tacs.it\/fr\/felicia-en-tweed\/\" \/>\n<meta property=\"og:site_name\" content=\"Premiata Tessitura TACS\" \/>\n<meta property=\"article:modified_time\" content=\"2026-09-04T23:05:39+00:00\" \/>\n<meta property=\"og:image\" content=\"https:\/\/tacs.it\/wp-content\/uploads\/2026\/03\/FELICIA-TWEED-1.jpg\" \/>\n\t<meta property=\"og:image:width\" content=\"800\" \/>\n\t<meta property=\"og:image:height\" content=\"1000\" \/>\n\t<meta property=\"og:image:type\" content=\"image\/jpeg\" \/>\n<meta name=\"twitter:card\" content=\"summary_large_image\" \/>\n<meta name=\"twitter:label1\" content=\"Dur\u00e9e de lecture estim\u00e9e\" \/>\n\t<meta name=\"twitter:data1\" content=\"1 minute\" \/>\n<script type=\"application\/ld+json\" class=\"yoast-schema-graph\">{\"@context\":\"https:\\\/\\\/schema.org\",\"@graph\":[{\"@type\":\"WebPage\",\"@id\":\"https:\\\/\\\/tacs.it\\\/fr\\\/felicia-en-tweed\\\/\",\"url\":\"https:\\\/\\\/tacs.it\\\/fr\\\/felicia-en-tweed\\\/\",\"name\":\"Manteau pour femme en tweed (pure laine vierge) | Felicia | TACS\",\"isPartOf\":{\"@id\":\"https:\\\/\\\/tacs.it\\\/fr\\\/#website\"},\"primaryImageOfPage\":{\"@id\":\"https:\\\/\\\/tacs.it\\\/fr\\\/felicia-en-tweed\\\/#primaryimage\"},\"image\":{\"@id\":\"https:\\\/\\\/tacs.it\\\/fr\\\/felicia-en-tweed\\\/#primaryimage\"},\"thumbnailUrl\":\"https:\\\/\\\/tacs.it\\\/wp-content\\\/uploads\\\/2026\\\/03\\\/FELICIA-TWEED-1.jpg\",\"datePublished\":\"2026-03-13T16:21:18+00:00\",\"dateModified\":\"2026-09-04T23:05:39+00:00\",\"description\":\"En pure laine vierge, avec une coupe ample et des manches mi-raglan. Le mod\u00e8le Felicia TACS allie style champ\u00eatre et \u00e9l\u00e9gance d\u00e9contract\u00e9e.\",\"breadcrumb\":{\"@id\":\"https:\\\/\\\/tacs.it\\\/fr\\\/felicia-en-tweed\\\/#breadcrumb\"},\"inLanguage\":\"fr-FR\",\"potentialAction\":[{\"@type\":\"ReadAction\",\"target\":[\"https:\\\/\\\/tacs.it\\\/fr\\\/felicia-en-tweed\\\/\"]}]},{\"@type\":\"ImageObject\",\"inLanguage\":\"fr-FR\",\"@id\":\"https:\\\/\\\/tacs.it\\\/fr\\\/felicia-en-tweed\\\/#primaryimage\",\"url\":\"https:\\\/\\\/tacs.it\\\/wp-content\\\/uploads\\\/2026\\\/03\\\/FELICIA-TWEED-1.jpg\",\"contentUrl\":\"https:\\\/\\\/tacs.it\\\/wp-content\\\/uploads\\\/2026\\\/03\\\/FELICIA-TWEED-1.jpg\",\"width\":800,\"height\":1000,\"caption\":\"Tessitura TACS prim\u00e9e - Artisans du Panno Casentino - Mod\u00e8le Felicia en tweed\"},{\"@type\":\"BreadcrumbList\",\"@id\":\"https:\\\/\\\/tacs.it\\\/fr\\\/felicia-en-tweed\\\/#breadcrumb\",\"itemListElement\":[{\"@type\":\"ListItem\",\"position\":1,\"name\":\"Accueil\",\"item\":\"https:\\\/\\\/tacs.it\\\/fr\\\/\"},{\"@type\":\"ListItem\",\"position\":2,\"name\":\"Boutique\",\"item\":\"https:\\\/\\\/tacs.it\\\/fr\\\/boutique\\\/\"},{\"@type\":\"ListItem\",\"position\":3,\"name\":\"V\u00eatements d\u2019ext\u00e9rieur Femme\",\"item\":\"https:\\\/\\\/tacs.it\\\/fr\\\/categorie\\\/femme\\\/\"},{\"@type\":\"ListItem\",\"position\":4,\"name\":\"Manteaux Femme\",\"item\":\"https:\\\/\\\/tacs.it\\\/fr\\\/categorie\\\/manteaux-femme\\\/\"},{\"@type\":\"ListItem\",\"position\":5,\"name\":\"Manteaux pour femme en tweed\",\"item\":\"https:\\\/\\\/tacs.it\\\/fr\\\/categorie\\\/manteaux-pour-femme-en-tweed\\\/\"},{\"@type\":\"ListItem\",\"position\":6,\"name\":\"Felicia, manteau pour femme en tweed, pure laine vierge\"}]},{\"@type\":\"WebSite\",\"@id\":\"https:\\\/\\\/tacs.it\\\/fr\\\/#website\",\"url\":\"https:\\\/\\\/tacs.it\\\/fr\\\/\",\"name\":\"Premiata Tessitura TACS\",\"description\":\"Artigiani del Panno Casentino\",\"potentialAction\":[{\"@type\":\"SearchAction\",\"target\":{\"@type\":\"EntryPoint\",\"urlTemplate\":\"https:\\\/\\\/tacs.it\\\/fr\\\/?s={search_term_string}\"},\"query-input\":{\"@type\":\"PropertyValueSpecification\",\"valueRequired\":true,\"valueName\":\"search_term_string\"}}],\"inLanguage\":\"fr-FR\"}]}<\/script>\n<!-- \/ Yoast SEO plugin. -->","yoast_head_json":{"title":"Manteau pour femme en tweed (pure laine vierge) | Felicia | TACS","description":"En pure laine vierge, avec une coupe ample et des manches mi-raglan. Le mod\u00e8le Felicia TACS allie style champ\u00eatre et \u00e9l\u00e9gance d\u00e9contract\u00e9e.","robots":{"index":"index","follow":"follow","max-snippet":"max-snippet:-1","max-image-preview":"max-image-preview:large","max-video-preview":"max-video-preview:-1"},"canonical":"https:\/\/tacs.it\/fr\/felicia-en-tweed\/","og_locale":"fr_FR","og_type":"article","og_title":"Manteau pour femme en tweed (pure laine vierge) | Felicia | TACS","og_description":"En pure laine vierge, avec une coupe ample et des manches mi-raglan. Le mod\u00e8le Felicia TACS allie style champ\u00eatre et \u00e9l\u00e9gance d\u00e9contract\u00e9e.","og_url":"https:\/\/tacs.it\/fr\/felicia-en-tweed\/","og_site_name":"Premiata Tessitura TACS","article_modified_time":"2026-09-04T23:05:39+00:00","og_image":[{"width":800,"height":1000,"url":"https:\/\/tacs.it\/wp-content\/uploads\/2026\/03\/FELICIA-TWEED-1.jpg","type":"image\/jpeg"}],"twitter_card":"summary_large_image","twitter_misc":{"Dur\u00e9e de lecture estim\u00e9e":"1 minute"},"schema":{"@context":"https:\/\/schema.org","@graph":[{"@type":"WebPage","@id":"https:\/\/tacs.it\/fr\/felicia-en-tweed\/","url":"https:\/\/tacs.it\/fr\/felicia-en-tweed\/","name":"Manteau pour femme en tweed (pure laine vierge) | Felicia | TACS","isPartOf":{"@id":"https:\/\/tacs.it\/fr\/#website"},"primaryImageOfPage":{"@id":"https:\/\/tacs.it\/fr\/felicia-en-tweed\/#primaryimage"},"image":{"@id":"https:\/\/tacs.it\/fr\/felicia-en-tweed\/#primaryimage"},"thumbnailUrl":"https:\/\/tacs.it\/wp-content\/uploads\/2026\/03\/FELICIA-TWEED-1.jpg","datePublished":"2026-03-13T16:21:18+00:00","dateModified":"2026-09-04T23:05:39+00:00","description":"En pure laine vierge, avec une coupe ample et des manches mi-raglan. Le mod\u00e8le Felicia TACS allie style champ\u00eatre et \u00e9l\u00e9gance d\u00e9contract\u00e9e.","breadcrumb":{"@id":"https:\/\/tacs.it\/fr\/felicia-en-tweed\/#breadcrumb"},"inLanguage":"fr-FR","potentialAction":[{"@type":"ReadAction","target":["https:\/\/tacs.it\/fr\/felicia-en-tweed\/"]}]},{"@type":"ImageObject","inLanguage":"fr-FR","@id":"https:\/\/tacs.it\/fr\/felicia-en-tweed\/#primaryimage","url":"https:\/\/tacs.it\/wp-content\/uploads\/2026\/03\/FELICIA-TWEED-1.jpg","contentUrl":"https:\/\/tacs.it\/wp-content\/uploads\/2026\/03\/FELICIA-TWEED-1.jpg","width":800,"height":1000,"caption":"Tessitura TACS prim\u00e9e - Artisans du Panno Casentino - Mod\u00e8le Felicia en tweed"},{"@type":"BreadcrumbList","@id":"https:\/\/tacs.it\/fr\/felicia-en-tweed\/#breadcrumb","itemListElement":[{"@type":"ListItem","position":1,"name":"Accueil","item":"https:\/\/tacs.it\/fr\/"},{"@type":"ListItem","position":2,"name":"Boutique","item":"https:\/\/tacs.it\/fr\/boutique\/"},{"@type":"ListItem","position":3,"name":"V\u00eatements d\u2019ext\u00e9rieur Femme","item":"https:\/\/tacs.it\/fr\/categorie\/femme\/"},{"@type":"ListItem","position":4,"name":"Manteaux Femme","item":"https:\/\/tacs.it\/fr\/categorie\/manteaux-femme\/"},{"@type":"ListItem","position":5,"name":"Manteaux pour femme en tweed","item":"https:\/\/tacs.it\/fr\/categorie\/manteaux-pour-femme-en-tweed\/"},{"@type":"ListItem","position":6,"name":"Felicia, manteau pour femme en tweed, pure laine vierge"}]},{"@type":"WebSite","@id":"https:\/\/tacs.it\/fr\/#website","url":"https:\/\/tacs.it\/fr\/","name":"Premiata Tessitura TACS","description":"Artigiani del Panno Casentino","potentialAction":[{"@type":"SearchAction","target":{"@type":"EntryPoint","urlTemplate":"https:\/\/tacs.it\/fr\/?s={search_term_string}"},"query-input":{"@type":"PropertyValueSpecification","valueRequired":true,"valueName":"search_term_string"}}],"inLanguage":"fr-FR"}]}},"_links":{"self":[{"href":"https:\/\/tacs.it\/fr\/wp-json\/wp\/v2\/product\/11992","targetHints":{"allow":["GET"]}}],"collection":[{"href":"https:\/\/tacs.it\/fr\/wp-json\/wp\/v2\/product"}],"about":[{"href":"https:\/\/tacs.it\/fr\/wp-json\/wp\/v2\/types\/product"}],"replies":[{"embeddable":true,"href":"https:\/\/tacs.it\/fr\/wp-json\/wp\/v2\/comments?post=11992"}],"wp:featuredmedia":[{"embeddable":true,"href":"https:\/\/tacs.it\/fr\/wp-json\/wp\/v2\/media\/12005"}],"wp:attachment":[{"href":"https:\/\/tacs.it\/fr\/wp-json\/wp\/v2\/media?parent=11992"}],"wp:term":[{"taxonomy":"product_brand","embeddable":true,"href":"https:\/\/tacs.it\/fr\/wp-json\/wp\/v2\/product_brand?post=11992"},{"taxonomy":"product_cat","embeddable":true,"href":"https:\/\/tacs.it\/fr\/wp-json\/wp\/v2\/product_cat?post=11992"},{"taxonomy":"product_tag","embeddable":true,"href":"https:\/\/tacs.it\/fr\/wp-json\/wp\/v2\/product_tag?post=11992"}],"curies":[{"name":"wp","href":"https:\/\/api.w.org\/{rel}","templated":true}]}}